{"id":6764,"date":"2022-11-03T18:39:29","date_gmt":"2022-11-03T17:39:29","guid":{"rendered":"https:\/\/viceversa.com.es\/project\/a16_-convergencia-de-medios-government-of-spain-2002\/"},"modified":"2025-05-08T18:21:37","modified_gmt":"2025-05-08T16:21:37","slug":"a16_-convergencia-de-medios-government-of-spain-2002","status":"publish","type":"project","link":"https:\/\/viceversa.com.es\/en\/project\/a16_-convergencia-de-medios-government-of-spain-2002\/","title":{"rendered":"A16_ &#8216;Convergencia de Medios&#8217; for Spanish Government (2002)"},"content":{"rendered":"<p><strong>&#8216;Media Convergence: Opportunities for the rapprochement between Europe and America&#8217;<\/strong>. Congress organized by the Ministry of Science and Technology of the Government of Spain and Telef\u00f3nica S.A., and chaired by President Jos\u00e9 Mar\u00eda Aznar.\u00a0This is a comprehensive and very multidisciplinary project, consisting of the art direction of the overall event (corporate and graphic design, video animations, flash and other multimedia tools projected during the event), as well as the industrial design of:<\/p>\n<p>&#8211; Table for the participants at the discussion table (in phenolic board + stainless steel, LED lighting and electroluminescent fiber).<br \/>\n&#8211; Lectern for the speaker (100% transparent methacrylate, LED lighting and electroluminescent fiber).<br \/>\n&#8211; Temporary artistic installation, on both sides of the seating area, consisting of a network of electroluminescent fiber.<br \/>\nBased on cutting-edge technology and, conceptually, on the threads of union between Europe and America.<\/p>\n<p>Palacio de Congresos, Madrid, Spain.<\/p>\n<p>Co-designed with Ximo Lizana.<\/p>\n<p>Publications about this project:<\/p>\n<p><a href=\"https:\/\/217.116.23.139\/file_upload\/discursos\/pdfs\/01415A1415.pdf\" target=\"_blank\" rel=\"noopener\">www.elmundo.es<\/a><\/p>\n<p><a href=\"https:\/\/217.116.23.139\/file_upload\/discursos\/pdfs\/01415A1415.pdf\" target=\"_blank\" rel=\"noopener\">www.lavanguardia.com<\/a><\/p>\n<p><a href=\"https:\/\/217.116.23.139\/file_upload\/discursos\/pdfs\/01415A1415.pdf\" target=\"_blank\" rel=\"noopener\">President&#8217;s Speech<\/a><\/p>\n","protected":false},"excerpt":{"rendered":"<div class=\"foogallery foogallery-container foogallery-masonry foogallery-lightbox-foogallery fg-center fg-masonry fg-dark fg-shadow-small fg-loading-default fg-loaded-fade-in fg-captions-bottom fg-hover-fade fg-hover-plus fg-ready fg-col2\" id=\"foogallery-gallery-7053\" data-foogallery=\"{&quot;item&quot;:{&quot;showCaptionTitle&quot;:true,&quot;showCaptionDescription&quot;:true},&quot;lazy&quot;:true}\" data-foogallery-lightbox=\"{&quot;thumbs&quot;:&quot;bottom&quot;,&quot;thumbsCaptions&quot;:false,&quot;thumbsBestFit&quot;:false,&quot;thumbsSmall&quot;:false,&quot;thumbsCaptionsAlign&quot;:&quot;default&quot;,&quot;info&quot;:&quot;bottom&quot;,&quot;infoVisible&quot;:true,&quot;infoOverlay&quot;:true,&quot;infoAlign&quot;:&quot;default&quot;,&quot;transition&quot;:&quot;fade&quot;,&quot;hoverButtons&quot;:false,&quot;fitMedia&quot;:false,&quot;noScrollbars&quot;:true,&quot;preserveButtonSpace&quot;:true,&quot;buttons&quot;:{&quot;fullscreen&quot;:true,&quot;info&quot;:true,&quot;thumbs&quot;:false},&quot;video&quot;:{&quot;autoPlay&quot;:true}}\" >\r\n\t\t<div class=\"fg-column-width\"><\/div>\r\n\t<div class=\"fg-gutter-width\"><\/div>\r\n\t\t<div class=\"fg-item fg-type-image fg-idle\"><figure class=\"fg-item-inner\"><a href=\"https:\/\/viceversa.com.es\/wp-content\/uploads\/2022\/10\/05.Xconvergencia13_aznar.jpg\" data-caption-desc=\"|||||\" data-attachment-id=\"2254\" data-type=\"image\" class=\"fg-thumb\"><span class=\"fg-image-wrap\"><img decoding=\"async\" alt=\"|||||\" width=\"1000\" height=\"670.85953878407\" class=\"skip-lazy fg-image\" data-src-fg=\"https:\/\/viceversa.com.es\/wp-content\/uploads\/2022\/10\/05.Xconvergencia13_aznar.jpg\" src=\"data:image\/svg+xml,%3Csvg%20xmlns%3D%22http%3A%2F%2Fwww.w3.org%2F2000%2Fsvg%22%20width%3D%221000%22%20height%3D%22670.85953878407%22%20viewBox%3D%220%200%201000%20670.85953878407%22%3E%3C%2Fsvg%3E\" loading=\"eager\"><\/span><span class=\"fg-image-overlay\"><\/span><\/a><figcaption class=\"fg-caption\"><div class=\"fg-caption-inner\"><div class=\"fg-caption-desc\">|||||<\/div><\/div><\/figcaption><\/figure><div class=\"fg-loader\"><\/div><\/div><div class=\"fg-item fg-type-image fg-idle\"><figure class=\"fg-item-inner\"><a href=\"https:\/\/viceversa.com.es\/wp-content\/uploads\/2022\/10\/04.Xconvergencia11.jpg\" data-attachment-id=\"2253\" data-type=\"image\" class=\"fg-thumb\"><span class=\"fg-image-wrap\"><img decoding=\"async\" width=\"1000\" height=\"669.45606694561\" class=\"skip-lazy fg-image\" data-src-fg=\"https:\/\/viceversa.com.es\/wp-content\/uploads\/2022\/10\/04.Xconvergencia11.jpg\" src=\"data:image\/svg+xml,%3Csvg%20xmlns%3D%22http%3A%2F%2Fwww.w3.org%2F2000%2Fsvg%22%20width%3D%221000%22%20height%3D%22669.45606694561%22%20viewBox%3D%220%200%201000%20669.45606694561%22%3E%3C%2Fsvg%3E\" loading=\"eager\"><\/span><span class=\"fg-image-overlay\"><\/span><\/a><\/figure><div class=\"fg-loader\"><\/div><\/div><div class=\"fg-item fg-type-image fg-idle\"><figure class=\"fg-item-inner\"><a href=\"https:\/\/viceversa.com.es\/wp-content\/uploads\/2022\/10\/03.Xconvergencia09_esc.jpg\" data-attachment-id=\"2252\" data-type=\"image\" class=\"fg-thumb\"><span class=\"fg-image-wrap\"><img decoding=\"async\" width=\"1000\" height=\"946.74556213018\" class=\"skip-lazy fg-image\" data-src-fg=\"https:\/\/viceversa.com.es\/wp-content\/uploads\/2022\/10\/03.Xconvergencia09_esc.jpg\" src=\"data:image\/svg+xml,%3Csvg%20xmlns%3D%22http%3A%2F%2Fwww.w3.org%2F2000%2Fsvg%22%20width%3D%221000%22%20height%3D%22946.74556213018%22%20viewBox%3D%220%200%201000%20946.74556213018%22%3E%3C%2Fsvg%3E\" loading=\"eager\"><\/span><span class=\"fg-image-overlay\"><\/span><\/a><\/figure><div class=\"fg-loader\"><\/div><\/div><div class=\"fg-item fg-type-image fg-idle\"><figure class=\"fg-item-inner\"><a href=\"https:\/\/viceversa.com.es\/wp-content\/uploads\/2022\/10\/02.Xconvergencia10.jpg\" data-attachment-id=\"2251\" data-type=\"image\" class=\"fg-thumb\"><span class=\"fg-image-wrap\"><img decoding=\"async\" width=\"1000\" height=\"664.58982346833\" class=\"skip-lazy fg-image\" data-src-fg=\"https:\/\/viceversa.com.es\/wp-content\/uploads\/2022\/10\/02.Xconvergencia10.jpg\" src=\"data:image\/svg+xml,%3Csvg%20xmlns%3D%22http%3A%2F%2Fwww.w3.org%2F2000%2Fsvg%22%20width%3D%221000%22%20height%3D%22664.58982346833%22%20viewBox%3D%220%200%201000%20664.58982346833%22%3E%3C%2Fsvg%3E\" loading=\"eager\"><\/span><span class=\"fg-image-overlay\"><\/span><\/a><\/figure><div class=\"fg-loader\"><\/div><\/div><div class=\"fg-item fg-type-image fg-idle\"><figure class=\"fg-item-inner\"><a href=\"https:\/\/viceversa.com.es\/wp-content\/uploads\/2022\/10\/01.Xconvergencia00_ext.jpg\" data-attachment-id=\"2250\" data-type=\"image\" class=\"fg-thumb\"><span class=\"fg-image-wrap\"><img decoding=\"async\" width=\"1000\" height=\"664.58982346833\" class=\"skip-lazy fg-image\" data-src-fg=\"https:\/\/viceversa.com.es\/wp-content\/uploads\/2022\/10\/01.Xconvergencia00_ext.jpg\" src=\"data:image\/svg+xml,%3Csvg%20xmlns%3D%22http%3A%2F%2Fwww.w3.org%2F2000%2Fsvg%22%20width%3D%221000%22%20height%3D%22664.58982346833%22%20viewBox%3D%220%200%201000%20664.58982346833%22%3E%3C%2Fsvg%3E\" loading=\"eager\"><\/span><span class=\"fg-image-overlay\"><\/span><\/a><\/figure><div class=\"fg-loader\"><\/div><\/div><\/div>\n","protected":false},"author":2,"featured_media":8248,"template":"","meta":{"_et_pb_use_builder":"","_et_pb_old_content":"","_et_gb_content_width":"","footnotes":""},"project_category":[269],"project_tag":[],"class_list":["post-6764","project","type-project","status-publish","has-post-thumbnail","hentry","project_category-ephemeral"],"yoast_head":"<!-- This site is optimized with the Yoast SEO plugin v23.5 - https:\/\/yoast.com\/wordpress\/plugins\/seo\/ -->\n<title>A16_ &#039;Convergencia de Medios&#039; for Spanish Government (2002) &#8211; VICEVERSA Arquitectura &amp; Dise\u00f1o<\/title>\n<meta name=\"robots\" content=\"index, follow, max-snippet:-1, max-image-preview:large, max-video-preview:-1\" \/>\n<link rel=\"canonical\" href=\"https:\/\/viceversa.com.es\/en\/project\/a16_-convergencia-de-medios-government-of-spain-2002\/\" \/>\n<meta property=\"og:locale\" content=\"en_US\" \/>\n<meta property=\"og:type\" content=\"article\" \/>\n<meta property=\"og:title\" content=\"A16_ &#039;Convergencia de Medios&#039; for Spanish Government (2002) &#8211; VICEVERSA Arquitectura &amp; Dise\u00f1o\" \/>\n<meta property=\"og:url\" content=\"https:\/\/viceversa.com.es\/en\/project\/a16_-convergencia-de-medios-government-of-spain-2002\/\" \/>\n<meta property=\"og:site_name\" content=\"VICEVERSA Arquitectura &amp; Dise\u00f1o\" \/>\n<meta property=\"article:publisher\" content=\"https:\/\/www.facebook.com\/viceversa.arquitectura\/\" \/>\n<meta property=\"article:modified_time\" content=\"2025-05-08T16:21:37+00:00\" \/>\n<meta property=\"og:image\" content=\"https:\/\/viceversa.com.es\/wp-content\/uploads\/2013\/12\/A16_portada.jpg\" \/>\n\t<meta property=\"og:image:width\" content=\"310\" \/>\n\t<meta property=\"og:image:height\" content=\"208\" \/>\n\t<meta property=\"og:image:type\" content=\"image\/jpeg\" \/>\n<meta name=\"twitter:card\" content=\"summary_large_image\" \/>\n<meta name=\"twitter:description\" content=\"[foogallery id=&quot;7053&quot;]\" \/>\n<meta name=\"twitter:label1\" content=\"Est. reading time\" \/>\n\t<meta name=\"twitter:data1\" content=\"1 minute\" \/>\n<script type=\"application\/ld+json\" class=\"yoast-schema-graph\">{\"@context\":\"https:\/\/schema.org\",\"@graph\":[{\"@type\":\"WebPage\",\"@id\":\"https:\/\/viceversa.com.es\/en\/project\/a16_-convergencia-de-medios-government-of-spain-2002\/\",\"url\":\"https:\/\/viceversa.com.es\/en\/project\/a16_-convergencia-de-medios-government-of-spain-2002\/\",\"name\":\"A16_ 'Convergencia de Medios' for Spanish Government (2002) &#8211; VICEVERSA Arquitectura &amp; Dise\u00f1o\",\"isPartOf\":{\"@id\":\"https:\/\/viceversa.com.es\/en\/es\/#website\"},\"primaryImageOfPage\":{\"@id\":\"https:\/\/viceversa.com.es\/en\/project\/a16_-convergencia-de-medios-government-of-spain-2002\/#primaryimage\"},\"image\":{\"@id\":\"https:\/\/viceversa.com.es\/en\/project\/a16_-convergencia-de-medios-government-of-spain-2002\/#primaryimage\"},\"thumbnailUrl\":\"https:\/\/viceversa.com.es\/wp-content\/uploads\/2022\/11\/A16_portada.jpg\",\"datePublished\":\"2022-11-03T17:39:29+00:00\",\"dateModified\":\"2025-05-08T16:21:37+00:00\",\"breadcrumb\":{\"@id\":\"https:\/\/viceversa.com.es\/en\/project\/a16_-convergencia-de-medios-government-of-spain-2002\/#breadcrumb\"},\"inLanguage\":\"en-US\",\"potentialAction\":[{\"@type\":\"ReadAction\",\"target\":[\"https:\/\/viceversa.com.es\/en\/project\/a16_-convergencia-de-medios-government-of-spain-2002\/\"]}]},{\"@type\":\"ImageObject\",\"inLanguage\":\"en-US\",\"@id\":\"https:\/\/viceversa.com.es\/en\/project\/a16_-convergencia-de-medios-government-of-spain-2002\/#primaryimage\",\"url\":\"https:\/\/viceversa.com.es\/wp-content\/uploads\/2022\/11\/A16_portada.jpg\",\"contentUrl\":\"https:\/\/viceversa.com.es\/wp-content\/uploads\/2022\/11\/A16_portada.jpg\",\"width\":310,\"height\":208},{\"@type\":\"BreadcrumbList\",\"@id\":\"https:\/\/viceversa.com.es\/en\/project\/a16_-convergencia-de-medios-government-of-spain-2002\/#breadcrumb\",\"itemListElement\":[{\"@type\":\"ListItem\",\"position\":1,\"name\":\"Home\",\"item\":\"https:\/\/viceversa.com.es\/en\/home\/\"},{\"@type\":\"ListItem\",\"position\":2,\"name\":\"Projects\",\"item\":\"https:\/\/viceversa.com.es\/en\/project\/\"},{\"@type\":\"ListItem\",\"position\":3,\"name\":\"A16_ &#8216;Convergencia de Medios&#8217; for Spanish Government (2002)\"}]},{\"@type\":\"WebSite\",\"@id\":\"https:\/\/viceversa.com.es\/en\/es\/#website\",\"url\":\"https:\/\/viceversa.com.es\/en\/es\/\",\"name\":\"VICEVERSA Arquitectura &amp; Dise\u00f1o\",\"description\":\"Architecture &amp; design studio\",\"publisher\":{\"@id\":\"https:\/\/viceversa.com.es\/en\/es\/#organization\"},\"potentialAction\":[{\"@type\":\"SearchAction\",\"target\":{\"@type\":\"EntryPoint\",\"urlTemplate\":\"https:\/\/viceversa.com.es\/en\/es\/?s={search_term_string}\"},\"query-input\":{\"@type\":\"PropertyValueSpecification\",\"valueRequired\":true,\"valueName\":\"search_term_string\"}}],\"inLanguage\":\"en-US\"},{\"@type\":\"Organization\",\"@id\":\"https:\/\/viceversa.com.es\/en\/es\/#organization\",\"name\":\"VICEVERSA Architecture&Design\",\"url\":\"https:\/\/viceversa.com.es\/en\/es\/\",\"logo\":{\"@type\":\"ImageObject\",\"inLanguage\":\"en-US\",\"@id\":\"https:\/\/viceversa.com.es\/en\/es\/#\/schema\/logo\/image\/\",\"url\":\"http:\/\/viceversa.com.es\/wp-content\/uploads\/2013\/12\/avatar_facebook_cuadrado_v1.jpg\",\"contentUrl\":\"http:\/\/viceversa.com.es\/wp-content\/uploads\/2013\/12\/avatar_facebook_cuadrado_v1.jpg\",\"width\":425,\"height\":425,\"caption\":\"VICEVERSA Architecture&Design\"},\"image\":{\"@id\":\"https:\/\/viceversa.com.es\/en\/es\/#\/schema\/logo\/image\/\"},\"sameAs\":[\"https:\/\/www.facebook.com\/viceversa.arquitectura\/\",\"https:\/\/www.instagram.com\/vtesalvador\",\"https:\/\/www.linkedin.com\/in\/vicentesalvador\/\",\"https:\/\/www.pinterest.es\/vicentesalvador\/\"]}]}<\/script>\n<!-- \/ Yoast SEO plugin. -->","yoast_head_json":{"title":"A16_ 'Convergencia de Medios' for Spanish Government (2002) &#8211; VICEVERSA Arquitectura &amp; Dise\u00f1o","robots":{"index":"index","follow":"follow","max-snippet":"max-snippet:-1","max-image-preview":"max-image-preview:large","max-video-preview":"max-video-preview:-1"},"canonical":"https:\/\/viceversa.com.es\/en\/project\/a16_-convergencia-de-medios-government-of-spain-2002\/","og_locale":"en_US","og_type":"article","og_title":"A16_ 'Convergencia de Medios' for Spanish Government (2002) &#8211; VICEVERSA Arquitectura &amp; Dise\u00f1o","og_url":"https:\/\/viceversa.com.es\/en\/project\/a16_-convergencia-de-medios-government-of-spain-2002\/","og_site_name":"VICEVERSA Arquitectura &amp; Dise\u00f1o","article_publisher":"https:\/\/www.facebook.com\/viceversa.arquitectura\/","article_modified_time":"2025-05-08T16:21:37+00:00","og_image":[{"width":310,"height":208,"url":"https:\/\/viceversa.com.es\/wp-content\/uploads\/2013\/12\/A16_portada.jpg","type":"image\/jpeg"}],"twitter_card":"summary_large_image","twitter_description":"[foogallery id=\"7053\"]","twitter_misc":{"Est. reading time":"1 minute"},"schema":{"@context":"https:\/\/schema.org","@graph":[{"@type":"WebPage","@id":"https:\/\/viceversa.com.es\/en\/project\/a16_-convergencia-de-medios-government-of-spain-2002\/","url":"https:\/\/viceversa.com.es\/en\/project\/a16_-convergencia-de-medios-government-of-spain-2002\/","name":"A16_ 'Convergencia de Medios' for Spanish Government (2002) &#8211; VICEVERSA Arquitectura &amp; Dise\u00f1o","isPartOf":{"@id":"https:\/\/viceversa.com.es\/en\/es\/#website"},"primaryImageOfPage":{"@id":"https:\/\/viceversa.com.es\/en\/project\/a16_-convergencia-de-medios-government-of-spain-2002\/#primaryimage"},"image":{"@id":"https:\/\/viceversa.com.es\/en\/project\/a16_-convergencia-de-medios-government-of-spain-2002\/#primaryimage"},"thumbnailUrl":"https:\/\/viceversa.com.es\/wp-content\/uploads\/2022\/11\/A16_portada.jpg","datePublished":"2022-11-03T17:39:29+00:00","dateModified":"2025-05-08T16:21:37+00:00","breadcrumb":{"@id":"https:\/\/viceversa.com.es\/en\/project\/a16_-convergencia-de-medios-government-of-spain-2002\/#breadcrumb"},"inLanguage":"en-US","potentialAction":[{"@type":"ReadAction","target":["https:\/\/viceversa.com.es\/en\/project\/a16_-convergencia-de-medios-government-of-spain-2002\/"]}]},{"@type":"ImageObject","inLanguage":"en-US","@id":"https:\/\/viceversa.com.es\/en\/project\/a16_-convergencia-de-medios-government-of-spain-2002\/#primaryimage","url":"https:\/\/viceversa.com.es\/wp-content\/uploads\/2022\/11\/A16_portada.jpg","contentUrl":"https:\/\/viceversa.com.es\/wp-content\/uploads\/2022\/11\/A16_portada.jpg","width":310,"height":208},{"@type":"BreadcrumbList","@id":"https:\/\/viceversa.com.es\/en\/project\/a16_-convergencia-de-medios-government-of-spain-2002\/#breadcrumb","itemListElement":[{"@type":"ListItem","position":1,"name":"Home","item":"https:\/\/viceversa.com.es\/en\/home\/"},{"@type":"ListItem","position":2,"name":"Projects","item":"https:\/\/viceversa.com.es\/en\/project\/"},{"@type":"ListItem","position":3,"name":"A16_ &#8216;Convergencia de Medios&#8217; for Spanish Government (2002)"}]},{"@type":"WebSite","@id":"https:\/\/viceversa.com.es\/en\/es\/#website","url":"https:\/\/viceversa.com.es\/en\/es\/","name":"VICEVERSA Arquitectura &amp; Dise\u00f1o","description":"Architecture &amp; design studio","publisher":{"@id":"https:\/\/viceversa.com.es\/en\/es\/#organization"},"potentialAction":[{"@type":"SearchAction","target":{"@type":"EntryPoint","urlTemplate":"https:\/\/viceversa.com.es\/en\/es\/?s={search_term_string}"},"query-input":{"@type":"PropertyValueSpecification","valueRequired":true,"valueName":"search_term_string"}}],"inLanguage":"en-US"},{"@type":"Organization","@id":"https:\/\/viceversa.com.es\/en\/es\/#organization","name":"VICEVERSA Architecture&Design","url":"https:\/\/viceversa.com.es\/en\/es\/","logo":{"@type":"ImageObject","inLanguage":"en-US","@id":"https:\/\/viceversa.com.es\/en\/es\/#\/schema\/logo\/image\/","url":"http:\/\/viceversa.com.es\/wp-content\/uploads\/2013\/12\/avatar_facebook_cuadrado_v1.jpg","contentUrl":"http:\/\/viceversa.com.es\/wp-content\/uploads\/2013\/12\/avatar_facebook_cuadrado_v1.jpg","width":425,"height":425,"caption":"VICEVERSA Architecture&Design"},"image":{"@id":"https:\/\/viceversa.com.es\/en\/es\/#\/schema\/logo\/image\/"},"sameAs":["https:\/\/www.facebook.com\/viceversa.arquitectura\/","https:\/\/www.instagram.com\/vtesalvador","https:\/\/www.linkedin.com\/in\/vicentesalvador\/","https:\/\/www.pinterest.es\/vicentesalvador\/"]}]}},"_links":{"self":[{"href":"https:\/\/viceversa.com.es\/en\/wp-json\/wp\/v2\/project\/6764"}],"collection":[{"href":"https:\/\/viceversa.com.es\/en\/wp-json\/wp\/v2\/project"}],"about":[{"href":"https:\/\/viceversa.com.es\/en\/wp-json\/wp\/v2\/types\/project"}],"author":[{"embeddable":true,"href":"https:\/\/viceversa.com.es\/en\/wp-json\/wp\/v2\/users\/2"}],"version-history":[{"count":4,"href":"https:\/\/viceversa.com.es\/en\/wp-json\/wp\/v2\/project\/6764\/revisions"}],"predecessor-version":[{"id":8250,"href":"https:\/\/viceversa.com.es\/en\/wp-json\/wp\/v2\/project\/6764\/revisions\/8250"}],"wp:featuredmedia":[{"embeddable":true,"href":"https:\/\/viceversa.com.es\/en\/wp-json\/wp\/v2\/media\/8248"}],"wp:attachment":[{"href":"https:\/\/viceversa.com.es\/en\/wp-json\/wp\/v2\/media?parent=6764"}],"wp:term":[{"taxonomy":"project_category","embeddable":true,"href":"https:\/\/viceversa.com.es\/en\/wp-json\/wp\/v2\/project_category?post=6764"},{"taxonomy":"project_tag","embeddable":true,"href":"https:\/\/viceversa.com.es\/en\/wp-json\/wp\/v2\/project_tag?post=6764"}],"curies":[{"name":"wp","href":"https:\/\/api.w.org\/{rel}","templated":true}]}}