{"id":6686,"date":"2023-07-25T13:43:20","date_gmt":"2023-07-25T11:43:20","guid":{"rendered":"https:\/\/viceversa.com.es\/the-founding-architect\/"},"modified":"2024-09-27T13:44:41","modified_gmt":"2024-09-27T11:44:41","slug":"the-founding-architect","status":"publish","type":"page","link":"https:\/\/viceversa.com.es\/en\/the-founding-architect\/","title":{"rendered":"The Founding Architect"},"content":{"rendered":"<p>[et_pb_section fb_built=&#8221;1&#8243; _builder_version=&#8221;4.20.4&#8243; _module_preset=&#8221;default&#8221; global_colors_info=&#8221;{}&#8221;][et_pb_row _builder_version=&#8221;4.20.4&#8243; _module_preset=&#8221;default&#8221; global_colors_info=&#8221;{}&#8221;][et_pb_column type=&#8221;4_4&#8243; _builder_version=&#8221;4.20.4&#8243; _module_preset=&#8221;default&#8221; global_colors_info=&#8221;{}&#8221;][et_pb_text _builder_version=&#8221;4.20.4&#8243; _module_preset=&#8221;default&#8221; header_font=&#8221;Open Sans|700|||||||&#8221; header_text_align=&#8221;center&#8221; header_text_color=&#8221;#000000&#8243; custom_margin=&#8221;||0px||false|false&#8221; custom_padding=&#8221;||10px||false|false&#8221; custom_css_before=&#8221;content:&#8221;;||width:10%;||height:3px;||background-color: #FEF200;||display: flex;||position:absolute;||bottom:0;||left:45%;&#8221; global_colors_info=&#8221;{}&#8221;]<\/p>\n<h1>Vicente Salvador<\/h1>\n<p>[\/et_pb_text][et_pb_text _builder_version=&#8221;4.20.4&#8243; _module_preset=&#8221;default&#8221; header_font=&#8221;Open Sans||||||||&#8221; header_2_font=&#8221;Open Sans||||||||&#8221; header_2_text_align=&#8221;center&#8221; header_2_font_size=&#8221;18px&#8221; custom_margin=&#8221;||||false|false&#8221; custom_padding=&#8221;15px||||false|false&#8221; global_colors_info=&#8221;{}&#8221;]<\/p>\n<h2>LA VALL D&#8217;UIX\u00d3, CASTELL\u00d3N (1973)<\/h2>\n<p>[\/et_pb_text][\/et_pb_column][\/et_pb_row][et_pb_row _builder_version=&#8221;4.20.4&#8243; _module_preset=&#8221;default&#8221; global_colors_info=&#8221;{}&#8221;][et_pb_column type=&#8221;4_4&#8243; _builder_version=&#8221;4.20.4&#8243; _module_preset=&#8221;default&#8221; global_colors_info=&#8221;{}&#8221;][et_pb_text _builder_version=&#8221;4.20.4&#8243; _module_preset=&#8221;default&#8221; text_font=&#8221;Open Sans||||||||&#8221; text_text_color=&#8221;#000000&#8243; text_orientation=&#8221;center&#8221; width=&#8221;80%&#8221; module_alignment=&#8221;center&#8221; global_colors_info=&#8221;{}&#8221;]<\/p>\n<p>Architect (2001 ARB RIBA COACV), legal expert, designer and project leader, he lives and works mainly between Valencia and Benic\u00e0ssim, although he is often present in Barcelona, Madrid or London as a designer or member of multidisciplinary teams.<\/p>\n<p>[\/et_pb_text][\/et_pb_column][\/et_pb_row][\/et_pb_section][et_pb_section fb_built=&#8221;1&#8243; _builder_version=&#8221;4.20.4&#8243; _module_preset=&#8221;default&#8221; global_colors_info=&#8221;{}&#8221;][et_pb_row column_structure=&#8221;1_2,1_2&#8243; use_custom_gutter=&#8221;on&#8221; gutter_width=&#8221;2&#8243; _builder_version=&#8221;4.20.4&#8243; _module_preset=&#8221;default&#8221; custom_css_main_element=&#8221;display:flex;||align-items:center;&#8221; global_colors_info=&#8221;{}&#8221; custom_css_main_element_last_edited=&#8221;on|tablet&#8221; custom_css_main_element_tablet=&#8221;display:block;&#8221; custom_css_main_element_phone=&#8221;display:block;&#8221;][et_pb_column type=&#8221;1_2&#8243; _builder_version=&#8221;4.20.4&#8243; _module_preset=&#8221;default&#8221; global_colors_info=&#8221;{}&#8221;][et_pb_image src=&#8221;https:\/\/viceversa.com.es\/wp-content\/uploads\/2023\/09\/Vicente-Salvador-architect.jpg&#8221; title_text=&#8221;Vicente-Salvador-architect&#8221; align=&#8221;center&#8221; _builder_version=&#8221;4.20.4&#8243; _module_preset=&#8221;default&#8221; max_width=&#8221;58%&#8221; global_colors_info=&#8221;{}&#8221;][\/et_pb_image][\/et_pb_column][et_pb_column type=&#8221;1_2&#8243; _builder_version=&#8221;4.20.4&#8243; _module_preset=&#8221;default&#8221; global_colors_info=&#8221;{}&#8221;][et_pb_text _builder_version=&#8221;4.27.0&#8243; _module_preset=&#8221;default&#8221; text_font=&#8221;Open Sans||||||||&#8221; text_text_color=&#8221;#000000&#8243; link_font=&#8221;Open Sans|700|||on||||&#8221; link_text_color=&#8221;#000000&#8243; hover_enabled=&#8221;0&#8243; global_colors_info=&#8221;{}&#8221; sticky_enabled=&#8221;0&#8243;]<\/p>\n<p>His extensive academic history includes stages in several Schools of Architecture: ETSA Valencia (1991-97), Anglia Ruskin University (1998) in the UK, as well as postgraduate courses at the prestigious University College London&#8217;s Bartlett School of Architecture (2000) with Peter Cook and at South Bank University (2001) with Peter Allison, both in London.<br \/>\nDuring his education he has regularly participated in international seminars and his work has been exhibited at various events, most notably his project for <a href=\"https:\/\/indesem.nl\/\">Indesem&#8217;98<\/a> at TU Delft (The Netherlands).<br \/>\nHe has also studied Piano and Solfeggio.  <\/p>\n<p>[\/et_pb_text][\/et_pb_column][\/et_pb_row][\/et_pb_section][et_pb_section fb_built=&#8221;1&#8243; _builder_version=&#8221;4.20.4&#8243; _module_preset=&#8221;default&#8221; global_colors_info=&#8221;{}&#8221;][et_pb_row column_structure=&#8221;1_2,1_2&#8243; _builder_version=&#8221;4.20.4&#8243; _module_preset=&#8221;default&#8221; global_colors_info=&#8221;{}&#8221; custom_css_main_element_last_edited=&#8221;on|phone&#8221; custom_css_main_element_phone=&#8221;display:flex;||flex-direction:column-reverse;&#8221; custom_css_main_element_tablet=&#8221;display:flex;||flex-direction:column-reverse;&#8221;][et_pb_column type=&#8221;1_2&#8243; _builder_version=&#8221;4.20.4&#8243; _module_preset=&#8221;default&#8221; global_colors_info=&#8221;{}&#8221;][et_pb_text _builder_version=&#8221;4.27.0&#8243; _module_preset=&#8221;default&#8221; text_font=&#8221;Open Sans||||||||&#8221; text_text_color=&#8221;#000000&#8243; link_font=&#8221;Open Sans|700|||on||||&#8221; link_text_color=&#8221;#000000&#8243; hover_enabled=&#8221;0&#8243; global_colors_info=&#8221;{}&#8221; sticky_enabled=&#8221;0&#8243;]<\/p>\n<p>Beyond his academic training, Salvador has participated in interesting professional challenges, such as his collaboration with Dr. Charles Jencks (2000) in the landscape design of the <a href=\"https:\/\/www.iwm.org.uk\/visits\/iwm-north\/about\" target=\"_blank\" rel=\"noopener\">Imperial War Museum-North<\/a> (Manchester, UK) with Daniel Libeskind or his time at the acclaimed architectural firm <a href=\"https:\/\/www.fosterandpartners.com\/studio\" target=\"_blank\" rel=\"noopener\">Foster &amp; Partners.<\/a><\/p>\n<p>Subsequently, as Director of Architecture, he carried out the design of the <a href=\"https:\/\/elpais.com\/diario\/2002\/02\/14\/cultura\/1013641202_850215.html\" target=\"_blank\" rel=\"noopener\">ARCO&#8217;02 Space Project<\/a>, an ambitious project of ephemeral architecture that organized for the first time the <a href=\"https:\/\/www.ifema.es\/arco\/madrid\" target=\"_blank\" rel=\"noopener\">International Contemporary Art Fair of Madrid (ARCO).<\/a> He has also designed different spaces for numerous public and multinational entities, as well as collaborating as a designer and advisor in GPD Eventos Sevilla, Bienal de Valencia and Telef\u00f3nica S.A.<\/p>\n<p>He developed his interdisciplinary facet as creative director (2006-2007) of <a href=\"https:\/\/smoda.elpais.com\/moda\/adios-al-mercado-de-fuencarral-el-fin-de-un-madrid-que-no-volvera\/\" target=\"_blank\" rel=\"noopener\">Mercado de Fuencarral<\/a> (Madrid, Valencia) -a commercial center for avant-garde fashion and urban shopping-, demonstrating once again his versatility.<\/p>\n<p>[\/et_pb_text][\/et_pb_column][et_pb_column type=&#8221;1_2&#8243; _builder_version=&#8221;4.20.4&#8243; _module_preset=&#8221;default&#8221; global_colors_info=&#8221;{}&#8221;][et_pb_image src=&#8221;https:\/\/viceversa.com.es\/wp-content\/uploads\/2023\/09\/premios.jpg&#8221; title_text=&#8221;awards&#8221; _builder_version=&#8221;4.20.4&#8243; _module_preset=&#8221;default&#8221; custom_margin_tablet=&#8221;||40px||false|false&#8221; custom_margin_phone=&#8221;||40px||false|false&#8221; custom_margin_last_edited=&#8221;on|phone&#8221; global_colors_info=&#8221;{}&#8221;][\/et_pb_image][\/et_pb_column][\/et_pb_row][et_pb_row column_structure=&#8221;1_2,1_2&#8243; use_custom_gutter=&#8221;on&#8221; gutter_width=&#8221;2&#8243; make_equal=&#8221;on&#8221; _builder_version=&#8221;4.20.4&#8243; _module_preset=&#8221;default&#8221; global_colors_info=&#8221;{}&#8221;][et_pb_column type=&#8221;1_2&#8243; _builder_version=&#8221;4.20.4&#8243; _module_preset=&#8221;default&#8221; global_colors_info=&#8221;{}&#8221;][et_pb_image src=&#8221;https:\/\/viceversa.com.es\/wp-content\/uploads\/2023\/09\/el_rey3.jpg&#8221; title_text=&#8221;el_rey3&#8243; _builder_version=&#8221;4.20.4&#8243; _module_preset=&#8221;default&#8221; global_colors_info=&#8221;{}&#8221;][\/et_pb_image][\/et_pb_column][et_pb_column type=&#8221;1_2&#8243; _builder_version=&#8221;4.20.4&#8243; _module_preset=&#8221;default&#8221; global_colors_info=&#8221;{}&#8221;][et_pb_image src=&#8221;https:\/\/viceversa.com.es\/wp-content\/uploads\/2023\/09\/el-rey-1.jpg&#8221; title_text=&#8221;the-king-1&#8243; _builder_version=&#8221;4.20.4&#8243; _module_preset=&#8221;default&#8221; global_colors_info=&#8221;{}&#8221;][\/et_pb_image][\/et_pb_column][\/et_pb_row][\/et_pb_section][et_pb_section fb_built=&#8221;1&#8243; _builder_version=&#8221;4.20.4&#8243; _module_preset=&#8221;default&#8221; custom_margin=&#8221;0px||||false|false&#8221; custom_padding=&#8221;0px||||false|false&#8221; global_colors_info=&#8221;{}&#8221;][et_pb_row _builder_version=&#8221;4.20.4&#8243; _module_preset=&#8221;default&#8221; custom_css_main_element=&#8221;display:flex;||align-items:center;&#8221; global_colors_info=&#8221;{}&#8221; custom_css_main_element_last_edited=&#8221;on|tablet&#8221; custom_css_main_element_tablet=&#8221;display:block;&#8221; custom_css_main_element_phone=&#8221;display:block;&#8221;][et_pb_column type=&#8221;4_4&#8243; _builder_version=&#8221;4.20.4&#8243; _module_preset=&#8221;default&#8221; global_colors_info=&#8221;{}&#8221;][et_pb_text _builder_version=&#8221;4.27.0&#8243; _module_preset=&#8221;default&#8221; text_font=&#8221;Open Sans||||||||&#8221; text_text_color=&#8221;#000000&#8243; link_font=&#8221;Open Sans|700|||on||||&#8221; link_text_color=&#8221;#000000&#8243; hover_enabled=&#8221;0&#8243; global_colors_info=&#8221;{}&#8221; sticky_enabled=&#8221;0&#8243;]<\/p>\n<p>Since 2002 he leads his own studio VICEVERSA Arquitectura&amp;Dise\u00f1o, carrying out projects ranging from building, interior and industrial design to urban planning and legal expertise.<br \/>\nTo date, he has completed more than seventy architectural projects and as many others in the field of design, predominantly industrial. <\/p>\n<p>He has been invited to numerous conferences and round tables and has taken part in several prestigious international exhibitions and workshops.<br \/>\nHis recent appointment (2020) as president of the jury of the <a style=\"\" href=\"\" target=\"\" rel=\"noopener\">Urban Regeneration Competition (CRU)<\/a> of the Provincial Council of Castell\u00f3n, a prestigious international urban planning competition, is worth mentioning.<br \/>\nIn addition, Salvador and his work are regularly the subject of interviews and articles or programs in print media and cyberspace as well as on television and radio.  <\/p>\n<p>[\/et_pb_text][\/et_pb_column][\/et_pb_row][\/et_pb_section][et_pb_section fb_built=&#8221;1&#8243; _builder_version=&#8221;4.20.4&#8243; _module_preset=&#8221;default&#8221; custom_margin=&#8221;0px||||false|false&#8221; custom_padding=&#8221;0px||||false|false&#8221; locked=&#8221;off&#8221; global_colors_info=&#8221;{}&#8221;][et_pb_row _builder_version=&#8221;4.20.4&#8243; _module_preset=&#8221;default&#8221; global_colors_info=&#8221;{}&#8221;][et_pb_column type=&#8221;4_4&#8243; _builder_version=&#8221;4.20.4&#8243; _module_preset=&#8221;default&#8221; global_colors_info=&#8221;{}&#8221;][et_pb_text _builder_version=&#8221;4.20.4&#8243; _module_preset=&#8221;default&#8221; text_font=&#8221;Open Sans||||||||&#8221; text_text_color=&#8221;#000000&#8243; text_orientation=&#8221;center&#8221; width=&#8221;80%&#8221; module_alignment=&#8221;center&#8221; global_colors_info=&#8221;{}&#8221;]<\/p>\n<p>His interests lie in the diffuse crossroads between art and architecture through an unexpected balance between utopia and realism.<br \/>\nHe is passionate about music and all creative work. <\/p>\n<p>[\/et_pb_text][\/et_pb_column][\/et_pb_row][et_pb_row _builder_version=&#8221;4.20.4&#8243; _module_preset=&#8221;default&#8221; global_colors_info=&#8221;{}&#8221;][et_pb_column type=&#8221;4_4&#8243; _builder_version=&#8221;4.20.4&#8243; _module_preset=&#8221;default&#8221; global_colors_info=&#8221;{}&#8221;][et_pb_text _builder_version=&#8221;4.27.0&#8243; _module_preset=&#8221;default&#8221; text_font=&#8221;Open Sans||||||||&#8221; text_text_color=&#8221;#000000&#8243; text_font_size=&#8221;20px&#8221; header_font=&#8221;Open Sans|700|||||||&#8221; header_text_align=&#8221;center&#8221; header_text_color=&#8221;#000000&#8243; text_orientation=&#8221;center&#8221; custom_margin=&#8221;||0px||false|false&#8221; custom_padding=&#8221;||10px||false|false&#8221; hover_enabled=&#8221;0&#8243; custom_css_before=&#8221;content:&#8221;;||width:10%;||height:3px;||background-color: #FEF200;||display: flex;||position:absolute;||bottom:0;||left:45%;&#8221; global_colors_info=&#8221;{}&#8221; sticky_enabled=&#8221;0&#8243;][\/et_pb_text][et_pb_text _builder_version=&#8221;4.20.4&#8243; _module_preset=&#8221;default&#8221; text_font=&#8221;Open Sans|700|||on||||&#8221; text_text_color=&#8221;#000000&#8243; link_font=&#8221;Open Sans|700|||||||&#8221; link_text_align=&#8221;center&#8221; link_text_color=&#8221;#000000&#8243; link_font_size=&#8221;20px&#8221; header_font=&#8221;Open Sans||||||||&#8221; header_text_align=&#8221;center&#8221; header_2_font=&#8221;Open Sans||||||||&#8221; header_2_text_align=&#8221;center&#8221; header_2_font_size=&#8221;18px&#8221; text_orientation=&#8221;center&#8221; module_alignment=&#8221;center&#8221; custom_margin=&#8221;||||false|false&#8221; custom_padding=&#8221;15px||||false|false&#8221; global_colors_info=&#8221;{}&#8221;]<a href=\"\">DOWNLOAD CV<\/a>[\/et_pb_text][\/et_pb_column][\/et_pb_row][\/et_pb_section]<\/p>\n","protected":false},"excerpt":{"rendered":"<p>Vicente SalvadorLA VALL D&#8217;UIX\u00d3, CASTELL\u00d3N (1973)Architect (2001 ARB RIBA COACV), legal expert, designer and project leader, he lives and works mainly between Valencia and Benic\u00e0ssim, although he is often present in Barcelona, Madrid or London as a designer or member of multidisciplinary teams.His extensive academic history includes stages in several Schools of Architecture: ETSA Valencia [&hellip;]<\/p>\n","protected":false},"author":3,"featured_media":0,"parent":0,"menu_order":3,"comment_status":"closed","ping_status":"closed","template":"","meta":{"_et_pb_use_builder":"on","_et_pb_old_content":"","_et_gb_content_width":"","footnotes":""},"class_list":["post-6686","page","type-page","status-publish","hentry"],"yoast_head":"<!-- This site is optimized with the Yoast SEO plugin v23.5 - https:\/\/yoast.com\/wordpress\/plugins\/seo\/ -->\n<title>The Founding Architect &#8211; VICEVERSA Arquitectura &amp; Dise\u00f1o<\/title>\n<meta name=\"robots\" content=\"index, follow, max-snippet:-1, max-image-preview:large, max-video-preview:-1\" \/>\n<link rel=\"canonical\" href=\"https:\/\/viceversa.com.es\/en\/the-founding-architect\/\" \/>\n<meta property=\"og:locale\" content=\"en_US\" \/>\n<meta property=\"og:type\" content=\"article\" \/>\n<meta property=\"og:title\" content=\"The Founding Architect &#8211; VICEVERSA Arquitectura &amp; Dise\u00f1o\" \/>\n<meta property=\"og:description\" content=\"Vicente SalvadorLA VALL D&#039;UIX\u00d3, CASTELL\u00d3N (1973)Architect (2001 ARB RIBA COACV), legal expert, designer and project leader, he lives and works mainly between Valencia and Benic\u00e0ssim, although he is often present in Barcelona, Madrid or London as a designer or member of multidisciplinary teams.His extensive academic history includes stages in several Schools of Architecture: ETSA Valencia [&hellip;]\" \/>\n<meta property=\"og:url\" content=\"https:\/\/viceversa.com.es\/en\/the-founding-architect\/\" \/>\n<meta property=\"og:site_name\" content=\"VICEVERSA Arquitectura &amp; Dise\u00f1o\" \/>\n<meta property=\"article:publisher\" content=\"https:\/\/www.facebook.com\/viceversa.arquitectura\/\" \/>\n<meta property=\"article:modified_time\" content=\"2024-09-27T11:44:41+00:00\" \/>\n<meta property=\"og:image\" content=\"https:\/\/viceversa.com.es\/wp-content\/uploads\/2013\/12\/avatar_facebook_cuadrado_v1.jpg\" \/>\n\t<meta property=\"og:image:width\" content=\"425\" \/>\n\t<meta property=\"og:image:height\" content=\"425\" \/>\n\t<meta property=\"og:image:type\" content=\"image\/jpeg\" \/>\n<meta name=\"twitter:card\" content=\"summary_large_image\" \/>\n<meta name=\"twitter:label1\" content=\"Est. reading time\" \/>\n\t<meta name=\"twitter:data1\" content=\"7 minutes\" \/>\n<script type=\"application\/ld+json\" class=\"yoast-schema-graph\">{\"@context\":\"https:\/\/schema.org\",\"@graph\":[{\"@type\":\"WebPage\",\"@id\":\"https:\/\/viceversa.com.es\/en\/the-founding-architect\/\",\"url\":\"https:\/\/viceversa.com.es\/en\/the-founding-architect\/\",\"name\":\"The Founding Architect &#8211; VICEVERSA Arquitectura &amp; Dise\u00f1o\",\"isPartOf\":{\"@id\":\"https:\/\/viceversa.com.es\/en\/es\/#website\"},\"datePublished\":\"2023-07-25T11:43:20+00:00\",\"dateModified\":\"2024-09-27T11:44:41+00:00\",\"breadcrumb\":{\"@id\":\"https:\/\/viceversa.com.es\/en\/the-founding-architect\/#breadcrumb\"},\"inLanguage\":\"en-US\",\"potentialAction\":[{\"@type\":\"ReadAction\",\"target\":[\"https:\/\/viceversa.com.es\/en\/the-founding-architect\/\"]}]},{\"@type\":\"BreadcrumbList\",\"@id\":\"https:\/\/viceversa.com.es\/en\/the-founding-architect\/#breadcrumb\",\"itemListElement\":[{\"@type\":\"ListItem\",\"position\":1,\"name\":\"Home\",\"item\":\"https:\/\/viceversa.com.es\/en\/home\/\"},{\"@type\":\"ListItem\",\"position\":2,\"name\":\"The Founding Architect\"}]},{\"@type\":\"WebSite\",\"@id\":\"https:\/\/viceversa.com.es\/en\/es\/#website\",\"url\":\"https:\/\/viceversa.com.es\/en\/es\/\",\"name\":\"VICEVERSA Arquitectura &amp; Dise\u00f1o\",\"description\":\"Architecture &amp; design studio\",\"publisher\":{\"@id\":\"https:\/\/viceversa.com.es\/en\/es\/#organization\"},\"potentialAction\":[{\"@type\":\"SearchAction\",\"target\":{\"@type\":\"EntryPoint\",\"urlTemplate\":\"https:\/\/viceversa.com.es\/en\/es\/?s={search_term_string}\"},\"query-input\":{\"@type\":\"PropertyValueSpecification\",\"valueRequired\":true,\"valueName\":\"search_term_string\"}}],\"inLanguage\":\"en-US\"},{\"@type\":\"Organization\",\"@id\":\"https:\/\/viceversa.com.es\/en\/es\/#organization\",\"name\":\"VICEVERSA Architecture&Design\",\"url\":\"https:\/\/viceversa.com.es\/en\/es\/\",\"logo\":{\"@type\":\"ImageObject\",\"inLanguage\":\"en-US\",\"@id\":\"https:\/\/viceversa.com.es\/en\/es\/#\/schema\/logo\/image\/\",\"url\":\"http:\/\/viceversa.com.es\/wp-content\/uploads\/2013\/12\/avatar_facebook_cuadrado_v1.jpg\",\"contentUrl\":\"http:\/\/viceversa.com.es\/wp-content\/uploads\/2013\/12\/avatar_facebook_cuadrado_v1.jpg\",\"width\":425,\"height\":425,\"caption\":\"VICEVERSA Architecture&Design\"},\"image\":{\"@id\":\"https:\/\/viceversa.com.es\/en\/es\/#\/schema\/logo\/image\/\"},\"sameAs\":[\"https:\/\/www.facebook.com\/viceversa.arquitectura\/\",\"https:\/\/www.instagram.com\/vtesalvador\",\"https:\/\/www.linkedin.com\/in\/vicentesalvador\/\",\"https:\/\/www.pinterest.es\/vicentesalvador\/\"]}]}<\/script>\n<!-- \/ Yoast SEO plugin. -->","yoast_head_json":{"title":"The Founding Architect &#8211; VICEVERSA Arquitectura &amp; Dise\u00f1o","robots":{"index":"index","follow":"follow","max-snippet":"max-snippet:-1","max-image-preview":"max-image-preview:large","max-video-preview":"max-video-preview:-1"},"canonical":"https:\/\/viceversa.com.es\/en\/the-founding-architect\/","og_locale":"en_US","og_type":"article","og_title":"The Founding Architect &#8211; VICEVERSA Arquitectura &amp; Dise\u00f1o","og_description":"Vicente SalvadorLA VALL D'UIX\u00d3, CASTELL\u00d3N (1973)Architect (2001 ARB RIBA COACV), legal expert, designer and project leader, he lives and works mainly between Valencia and Benic\u00e0ssim, although he is often present in Barcelona, Madrid or London as a designer or member of multidisciplinary teams.His extensive academic history includes stages in several Schools of Architecture: ETSA Valencia [&hellip;]","og_url":"https:\/\/viceversa.com.es\/en\/the-founding-architect\/","og_site_name":"VICEVERSA Arquitectura &amp; Dise\u00f1o","article_publisher":"https:\/\/www.facebook.com\/viceversa.arquitectura\/","article_modified_time":"2024-09-27T11:44:41+00:00","og_image":[{"width":425,"height":425,"url":"https:\/\/viceversa.com.es\/wp-content\/uploads\/2013\/12\/avatar_facebook_cuadrado_v1.jpg","type":"image\/jpeg"}],"twitter_card":"summary_large_image","twitter_misc":{"Est. reading time":"7 minutes"},"schema":{"@context":"https:\/\/schema.org","@graph":[{"@type":"WebPage","@id":"https:\/\/viceversa.com.es\/en\/the-founding-architect\/","url":"https:\/\/viceversa.com.es\/en\/the-founding-architect\/","name":"The Founding Architect &#8211; VICEVERSA Arquitectura &amp; Dise\u00f1o","isPartOf":{"@id":"https:\/\/viceversa.com.es\/en\/es\/#website"},"datePublished":"2023-07-25T11:43:20+00:00","dateModified":"2024-09-27T11:44:41+00:00","breadcrumb":{"@id":"https:\/\/viceversa.com.es\/en\/the-founding-architect\/#breadcrumb"},"inLanguage":"en-US","potentialAction":[{"@type":"ReadAction","target":["https:\/\/viceversa.com.es\/en\/the-founding-architect\/"]}]},{"@type":"BreadcrumbList","@id":"https:\/\/viceversa.com.es\/en\/the-founding-architect\/#breadcrumb","itemListElement":[{"@type":"ListItem","position":1,"name":"Home","item":"https:\/\/viceversa.com.es\/en\/home\/"},{"@type":"ListItem","position":2,"name":"The Founding Architect"}]},{"@type":"WebSite","@id":"https:\/\/viceversa.com.es\/en\/es\/#website","url":"https:\/\/viceversa.com.es\/en\/es\/","name":"VICEVERSA Arquitectura &amp; Dise\u00f1o","description":"Architecture &amp; design studio","publisher":{"@id":"https:\/\/viceversa.com.es\/en\/es\/#organization"},"potentialAction":[{"@type":"SearchAction","target":{"@type":"EntryPoint","urlTemplate":"https:\/\/viceversa.com.es\/en\/es\/?s={search_term_string}"},"query-input":{"@type":"PropertyValueSpecification","valueRequired":true,"valueName":"search_term_string"}}],"inLanguage":"en-US"},{"@type":"Organization","@id":"https:\/\/viceversa.com.es\/en\/es\/#organization","name":"VICEVERSA Architecture&Design","url":"https:\/\/viceversa.com.es\/en\/es\/","logo":{"@type":"ImageObject","inLanguage":"en-US","@id":"https:\/\/viceversa.com.es\/en\/es\/#\/schema\/logo\/image\/","url":"http:\/\/viceversa.com.es\/wp-content\/uploads\/2013\/12\/avatar_facebook_cuadrado_v1.jpg","contentUrl":"http:\/\/viceversa.com.es\/wp-content\/uploads\/2013\/12\/avatar_facebook_cuadrado_v1.jpg","width":425,"height":425,"caption":"VICEVERSA Architecture&Design"},"image":{"@id":"https:\/\/viceversa.com.es\/en\/es\/#\/schema\/logo\/image\/"},"sameAs":["https:\/\/www.facebook.com\/viceversa.arquitectura\/","https:\/\/www.instagram.com\/vtesalvador","https:\/\/www.linkedin.com\/in\/vicentesalvador\/","https:\/\/www.pinterest.es\/vicentesalvador\/"]}]}},"_links":{"self":[{"href":"https:\/\/viceversa.com.es\/en\/wp-json\/wp\/v2\/pages\/6686"}],"collection":[{"href":"https:\/\/viceversa.com.es\/en\/wp-json\/wp\/v2\/pages"}],"about":[{"href":"https:\/\/viceversa.com.es\/en\/wp-json\/wp\/v2\/types\/page"}],"author":[{"embeddable":true,"href":"https:\/\/viceversa.com.es\/en\/wp-json\/wp\/v2\/users\/3"}],"replies":[{"embeddable":true,"href":"https:\/\/viceversa.com.es\/en\/wp-json\/wp\/v2\/comments?post=6686"}],"version-history":[{"count":4,"href":"https:\/\/viceversa.com.es\/en\/wp-json\/wp\/v2\/pages\/6686\/revisions"}],"predecessor-version":[{"id":7889,"href":"https:\/\/viceversa.com.es\/en\/wp-json\/wp\/v2\/pages\/6686\/revisions\/7889"}],"wp:attachment":[{"href":"https:\/\/viceversa.com.es\/en\/wp-json\/wp\/v2\/media?parent=6686"}],"curies":[{"name":"wp","href":"https:\/\/api.w.org\/{rel}","templated":true}]}}