{"id":6679,"date":"2023-07-24T12:04:52","date_gmt":"2023-07-24T10:04:52","guid":{"rendered":"https:\/\/viceversa.com.es\/the-studio\/"},"modified":"2024-09-03T10:56:45","modified_gmt":"2024-09-03T08:56:45","slug":"the-studio","status":"publish","type":"page","link":"https:\/\/viceversa.com.es\/en\/the-studio\/","title":{"rendered":"The Studio"},"content":{"rendered":"<p>[et_pb_section fb_built=&#8221;1&#8243; _builder_version=&#8221;4.20.4&#8243; _module_preset=&#8221;default&#8221; global_colors_info=&#8221;{}&#8221;][et_pb_row _builder_version=&#8221;4.20.4&#8243; _module_preset=&#8221;default&#8221; width=&#8221;100%&#8221; max_width=&#8221;2560px&#8221; module_alignment=&#8221;center&#8221; global_colors_info=&#8221;{}&#8221;][et_pb_column type=&#8221;4_4&#8243; _builder_version=&#8221;4.20.4&#8243; _module_preset=&#8221;default&#8221; global_colors_info=&#8221;{}&#8221;][et_pb_text _builder_version=&#8221;4.20.4&#8243; _module_preset=&#8221;default&#8221; header_2_font=&#8221;Open Sans|700|||||||&#8221; header_2_text_align=&#8221;center&#8221; module_alignment=&#8221;center&#8221; custom_margin=&#8221;-1px|||||&#8221; custom_padding=&#8221;20px||20px||true|false&#8221; custom_css_before=&#8221;content:&#8221;;||width:62vw;||height:100%;||background-color: #FEF200;||display: flex;||position:absolute;||top:0;||&#8221; global_colors_info=&#8221;{}&#8221; custom_css_before_last_edited=&#8221;on|phone&#8221; custom_css_before_tablet=&#8221;content:&#8221;;||width:72vw;||height:100%;||background-color: #FEF200;||display: flex;||position:absolute;||top:0;&#8221; custom_css_before_phone=&#8221;content:&#8221;;||width:90vw;||height:100%;||background-color: #FEF200;||display: flex;||position:absolute;||top:0;&#8221;]<\/p>\n<h2>We are VICEVERSA Arquitectura&amp;Dise\u00f1o<\/h2>\n<p>[\/et_pb_text][\/et_pb_column][\/et_pb_row][\/et_pb_section][et_pb_section fb_built=&#8221;1&#8243; admin_label=&#8221;\u00bfEres exigente..&#8221; _builder_version=&#8221;4.20.4&#8243; _module_preset=&#8221;default&#8221; global_colors_info=&#8221;{}&#8221;][et_pb_row column_structure=&#8221;1_2,1_2&#8243; _builder_version=&#8221;4.20.4&#8243; _module_preset=&#8221;default&#8221; global_colors_info=&#8221;{}&#8221;][et_pb_column type=&#8221;1_2&#8243; _builder_version=&#8221;4.20.4&#8243; _module_preset=&#8221;default&#8221; global_colors_info=&#8221;{}&#8221;][et_pb_text _builder_version=&#8221;4.20.4&#8243; _module_preset=&#8221;default&#8221; header_3_font=&#8221;Open Sans|700|||||||&#8221; header_3_text_color=&#8221;#000000&#8243; global_colors_info=&#8221;{}&#8221;]<\/p>\n<h3>Are you demanding and looking for the best service?  <\/h3>\n<p>[\/et_pb_text][\/et_pb_column][et_pb_column type=&#8221;1_2&#8243; _builder_version=&#8221;4.20.4&#8243; _module_preset=&#8221;default&#8221; global_colors_info=&#8221;{}&#8221;][et_pb_text _builder_version=&#8221;4.20.4&#8243; _module_preset=&#8221;default&#8221; global_colors_info=&#8221;{}&#8221;]<\/p>\n<p>We offer you excellence in any creative or technical work; from architecture, urban planning or landscaping projects, to judicial expert witness services, interior design or industrial design.<\/p>\n<p>[\/et_pb_text][\/et_pb_column][\/et_pb_row][\/et_pb_section][et_pb_section fb_built=&#8221;1&#8243; admin_label=&#8221;Nuestro equipo&#8221; _builder_version=&#8221;4.20.4&#8243; _module_preset=&#8221;default&#8221; custom_css_after=&#8221;content:&#8221;;||width:100%;||height:15vh;||background-color: #F5F5F5;||display: flex;||position:absolute;||top:37vh;||&#8221; global_colors_info=&#8221;{}&#8221; custom_css_after_last_edited=&#8221;on|phone&#8221; custom_css_after_tablet=&#8221;content:&#8221;;||width:100%;||height:10vh;||background-color: #F5F5F5;||display: flex;||position:absolute;||top:31vh;&#8221; custom_css_after_phone=&#8221;||&#8221;][et_pb_row _builder_version=&#8221;4.20.4&#8243; _module_preset=&#8221;default&#8221; global_colors_info=&#8221;{}&#8221;][et_pb_column type=&#8221;4_4&#8243; _builder_version=&#8221;4.20.4&#8243; _module_preset=&#8221;default&#8221; global_colors_info=&#8221;{}&#8221;][et_pb_text _builder_version=&#8221;4.20.4&#8243; _module_preset=&#8221;default&#8221; text_font=&#8221;Open Sans||||||||&#8221; text_text_color=&#8221;#000000&#8243; text_font_size=&#8221;15px&#8221; header_3_font=&#8221;Open Sans|700|||||||&#8221; text_orientation=&#8221;center&#8221; global_colors_info=&#8221;{}&#8221;]<\/p>\n<h3>Our team<\/h3>\n<p>  In addition to numerous external partners<\/p>\n<p>[\/et_pb_text][\/et_pb_column][\/et_pb_row][et_pb_row _builder_version=&#8221;4.20.4&#8243; _module_preset=&#8221;default&#8221; global_colors_info=&#8221;{}&#8221;][et_pb_column type=&#8221;4_4&#8243; _builder_version=&#8221;4.20.4&#8243; _module_preset=&#8221;default&#8221; global_colors_info=&#8221;{}&#8221;][et_pb_image src=&#8221;https:\/\/viceversa.com.es\/wp-content\/uploads\/2023\/09\/Nuestro_equipo.jpg&#8221; title_text=&#8221;Our_team&#8221; align=&#8221;center&#8221; _builder_version=&#8221;4.22.2&#8243; _module_preset=&#8221;default&#8221; max_width=&#8221;83%&#8221; hover_enabled=&#8221;0&#8243; global_colors_info=&#8221;{}&#8221; transform_rotate=&#8221;0deg|181deg|0deg&#8221; sticky_enabled=&#8221;0&#8243;][\/et_pb_image][\/et_pb_column][\/et_pb_row][et_pb_row column_structure=&#8221;1_3,1_3,1_3&#8243; use_custom_gutter=&#8221;on&#8221; gutter_width=&#8221;2&#8243; _builder_version=&#8221;4.20.4&#8243; _module_preset=&#8221;default&#8221; width=&#8221;65%&#8221; module_alignment=&#8221;center&#8221; global_colors_info=&#8221;{}&#8221;][et_pb_column type=&#8221;1_3&#8243; _builder_version=&#8221;4.20.4&#8243; _module_preset=&#8221;default&#8221; global_colors_info=&#8221;{}&#8221;][et_pb_blurb title=&#8221;Vicente Salvador&#8221; _builder_version=&#8221;4.20.4&#8243; _module_preset=&#8221;default&#8221; header_font=&#8221;Open Sans|700|||||||&#8221; body_font=&#8221;Open Sans||||||||&#8221; body_text_color=&#8221;#000000&#8243; custom_css_before=&#8221;content:&#8221;;||width:40px;||height:3px;||background-color: #FEF200;||display: flex;||position:absolute;||bottom:58px;||left:0;&#8221; global_colors_info=&#8221;{}&#8221;]<\/p>\n<p>Architect<\/p>\n<p>[\/et_pb_blurb][\/et_pb_column][et_pb_column type=&#8221;1_3&#8243; _builder_version=&#8221;4.20.4&#8243; _module_preset=&#8221;default&#8221; global_colors_info=&#8221;{}&#8221;][et_pb_blurb title=&#8221;Laura Ortells&#8221; _builder_version=&#8221;4.20.4&#8243; _module_preset=&#8221;default&#8221; header_font=&#8221;Open Sans|700|||||||&#8221; body_font=&#8221;Open Sans||||||||&#8221; body_text_color=&#8221;#000000&#8243; module_alignment=&#8221;center&#8221; custom_css_before=&#8221;content:&#8221;;||width:40px;||height:3px;||background-color: #FEF200;||display: flex;||position:absolute;||bottom:58px;||left:0;&#8221; global_colors_info=&#8221;{}&#8221;]<\/p>\n<p>Industrial design engineer<\/p>\n<p>[\/et_pb_blurb][\/et_pb_column][et_pb_column type=&#8221;1_3&#8243; _builder_version=&#8221;4.20.4&#8243; _module_preset=&#8221;default&#8221; global_colors_info=&#8221;{}&#8221;][et_pb_blurb title=&#8221;Isabel Salvador&#8221; _builder_version=&#8221;4.20.4&#8243; _module_preset=&#8221;default&#8221; header_font=&#8221;Open Sans|700|||||||&#8221; body_font=&#8221;Open Sans||||||||&#8221; body_text_color=&#8221;#000000&#8243; custom_css_before=&#8221;content:&#8221;;||width:40px;||height:3px;||background-color: #FEF200;||display: flex;||position:absolute;||bottom:58px;||left:0;&#8221; global_colors_info=&#8221;{}&#8221;]<\/p>\n<p>Technical architect<\/p>\n<p>[\/et_pb_blurb][\/et_pb_column][\/et_pb_row][\/et_pb_section][et_pb_section fb_built=&#8221;1&#8243; admin_label=&#8221;Secci\u00f3n&#8221; _builder_version=&#8221;4.20.4&#8243; _module_preset=&#8221;default&#8221; global_colors_info=&#8221;{}&#8221;][et_pb_row column_structure=&#8221;1_2,1_2&#8243; _builder_version=&#8221;4.20.4&#8243; _module_preset=&#8221;default&#8221; custom_css_main_element=&#8221;display: flex;||align-items:center;&#8221; global_colors_info=&#8221;{}&#8221; custom_css_main_element_last_edited=&#8221;on|tablet&#8221; custom_css_main_element_tablet=&#8221;display:block;&#8221; custom_css_main_element_phone=&#8221;display:block;&#8221;][et_pb_column type=&#8221;1_2&#8243; _builder_version=&#8221;4.20.4&#8243; _module_preset=&#8221;default&#8221; global_colors_info=&#8221;{}&#8221;][et_pb_text _builder_version=&#8221;4.20.4&#8243; _module_preset=&#8221;default&#8221; text_font=&#8221;Open Sans||||||||&#8221; global_colors_info=&#8221;{}&#8221;]<\/p>\n<p>We base our work on unconventional, avant-garde design methods, as well as the technical rigor derived from our superior technical qualifications.<br \/>\nOver the past 20 years we have guided hundreds of satisfied clients to their dream space, always improving and adapting their personal vision to the highest standards.  We have developed projects for public and private entities, as well as SMEs and multinationals.<br \/>\nCompanies such as Red Bull, Heineken, Telef\u00f3nica, BBVA, Hilton, Moet&amp;Chandon, Coca-Cola, Mahou, Government of Spain, Generalitat Valenciana, Ajuntament de Val\u00e8ncia, IFEMA, Ciudad de las Artes y las Ciencias Valencia, ARCO or PhotoEspa\u00f1a, among others, have trusted us. <\/p>\n<p>[\/et_pb_text][\/et_pb_column][et_pb_column type=&#8221;1_2&#8243; _builder_version=&#8221;4.20.4&#8243; _module_preset=&#8221;default&#8221; global_colors_info=&#8221;{}&#8221;][et_pb_image src=&#8221;https:\/\/viceversa.com.es\/wp-content\/uploads\/2023\/09\/el_estudio.jpg&#8221; title_text=&#8221;the_study&#8221; _builder_version=&#8221;4.20.4&#8243; _module_preset=&#8221;default&#8221; global_colors_info=&#8221;{}&#8221;][\/et_pb_image][\/et_pb_column][\/et_pb_row][\/et_pb_section][et_pb_section fb_built=&#8221;1&#8243; admin_label=&#8221;Premios&#8221; _builder_version=&#8221;4.20.4&#8243; _module_preset=&#8221;default&#8221; global_colors_info=&#8221;{}&#8221;][et_pb_row _builder_version=&#8221;4.20.4&#8243; _module_preset=&#8221;default&#8221; locked=&#8221;off&#8221; global_colors_info=&#8221;{}&#8221;][et_pb_column type=&#8221;4_4&#8243; _builder_version=&#8221;4.20.4&#8243; _module_preset=&#8221;default&#8221; global_colors_info=&#8221;{}&#8221;][et_pb_text _builder_version=&#8221;4.20.4&#8243; _module_preset=&#8221;default&#8221; text_font=&#8221;Open Sans||||||||&#8221; text_text_color=&#8221;#000000&#8243; text_font_size=&#8221;15px&#8221; header_3_font=&#8221;Open Sans|700|||||||&#8221; text_orientation=&#8221;center&#8221; global_colors_info=&#8221;{}&#8221;]<\/p>\n<h3>Our firm has been awarded with different recognitions,<\/h3>\n<p>  among which the following stand out:  <\/p>\n<p>[\/et_pb_text][\/et_pb_column][\/et_pb_row][et_pb_row column_structure=&#8221;1_3,1_3,1_3&#8243; use_custom_gutter=&#8221;on&#8221; gutter_width=&#8221;2&#8243; make_equal=&#8221;on&#8221; _builder_version=&#8221;4.20.4&#8243; _module_preset=&#8221;default&#8221; width=&#8221;100%&#8221; max_width=&#8221;1234px&#8221; module_alignment=&#8221;center&#8221; custom_margin=&#8221;|0px||0px|true|true&#8221; custom_padding=&#8221;|0px||0px|true|true&#8221; custom_css_main_element=&#8221;||&#8221; global_colors_info=&#8221;{}&#8221;][et_pb_column type=&#8221;1_3&#8243; _builder_version=&#8221;4.20.4&#8243; _module_preset=&#8221;default&#8221; background_color=&#8221;#F5F5F5&#8243; custom_padding=&#8221;50px|20px|50px|30px|true|false&#8221; global_colors_info=&#8221;{}&#8221; custom_css_main_element_last_edited=&#8221;on|tablet&#8221; custom_css_main_element_phone=&#8221;margin-bottom:10px!important;&#8221;][et_pb_text admin_label=&#8221;Titulo&#8221; _builder_version=&#8221;4.20.4&#8243; _module_preset=&#8221;default&#8221; text_font=&#8221;Open Sans|700|||||||&#8221; text_text_color=&#8221;#000000&#8243; custom_margin=&#8221;||10px||false|false&#8221; custom_padding=&#8221;||10px||false|false&#8221; custom_css_after=&#8221;content:&#8221;;||width:70px;||height:3px;||background-color: #FEF200;||display: flex;||position:absolute;||bottom:0;||||&#8221; global_colors_info=&#8221;{}&#8221;]<\/p>\n<p>Scholarship awarded to Vicente Salvador by the Polytechnic University of Valencia (UPV).<\/p>\n<p>[\/et_pb_text][et_pb_text _builder_version=&#8221;4.20.4&#8243; _module_preset=&#8221;default&#8221; text_font=&#8221;Open Sans||||||||&#8221; text_text_color=&#8221;#000000&#8243; global_colors_info=&#8221;{}&#8221;]<\/p>\n<p>In conjunction with Anglia Ruskin University (ARU) (UK, 1997).<\/p>\n<p>[\/et_pb_text][\/et_pb_column][et_pb_column type=&#8221;1_3&#8243; admin_label=&#8221;Column&#8221; _builder_version=&#8221;4.20.4&#8243; _module_preset=&#8221;default&#8221; background_color=&#8221;#F5F5F5&#8243; custom_padding=&#8221;50px|20px|20px|50px|false|false&#8221; global_colors_info=&#8221;{}&#8221; custom_css_main_element_last_edited=&#8221;on|tablet&#8221; custom_css_main_element_phone=&#8221;margin-bottom:10px!important;&#8221;][et_pb_text admin_label=&#8221;Titulo&#8221; _builder_version=&#8221;4.20.4&#8243; _module_preset=&#8221;default&#8221; text_font=&#8221;Open Sans|700|||||||&#8221; text_text_color=&#8221;#000000&#8243; custom_margin=&#8221;||10px||false|false&#8221; custom_padding=&#8221;||10px||false|false&#8221; custom_css_after=&#8221;content:&#8221;;||width:70px;||height:3px;||background-color: #FEF200;||display: flex;||position:absolute;||bottom:0;||||&#8221; global_colors_info=&#8221;{}&#8221;]<\/p>\n<p>  Scholarship awarded to Vicente Salvador by University College London (UCL)<\/p>\n<p>[\/et_pb_text][et_pb_text _builder_version=&#8221;4.20.4&#8243; _module_preset=&#8221;default&#8221; text_font=&#8221;Open Sans||||||||&#8221; text_text_color=&#8221;#000000&#8243; global_colors_info=&#8221;{}&#8221;]<\/p>\n<p>To pursue postgraduate studies at the prestigious Bartlett School of Architecture (UK, 1999).<\/p>\n<p>[\/et_pb_text][\/et_pb_column][et_pb_column type=&#8221;1_3&#8243; _builder_version=&#8221;4.20.4&#8243; _module_preset=&#8221;default&#8221; background_color=&#8221;#F5F5F5&#8243; custom_padding=&#8221;50px|20px|20px|50px|false|false&#8221; global_colors_info=&#8221;{}&#8221; custom_css_main_element_last_edited=&#8221;on|tablet&#8221; custom_css_main_element_phone=&#8221;margin-bottom:10px!important;&#8221;][et_pb_text admin_label=&#8221;Titulo&#8221; _builder_version=&#8221;4.20.4&#8243; _module_preset=&#8221;default&#8221; text_font=&#8221;Open Sans|700|||||||&#8221; text_text_color=&#8221;#000000&#8243; custom_margin=&#8221;||10px||false|false&#8221; custom_padding=&#8221;||10px||false|false&#8221; custom_css_after=&#8221;content:&#8221;;||width:70px;||height:3px;||background-color: #FEF200;||display: flex;||position:absolute;||bottom:0;||||&#8221; global_colors_info=&#8221;{}&#8221;]<\/p>\n<p>  Forum Europe Gold Medal 2001<\/p>\n<p>[\/et_pb_text][et_pb_text _builder_version=&#8221;4.20.4&#8243; _module_preset=&#8221;default&#8221; text_font=&#8221;Open Sans||||||||&#8221; text_text_color=&#8221;#000000&#8243; global_colors_info=&#8221;{}&#8221;]<\/p>\n<p>Institution founded in 1996 for the exchange and dissemination of ideas and knowledge, recognized as one of the most important forums for debate in Europe-, awarded to Vicente Salvador (Barcelona, 2012).<\/p>\n<p>[\/et_pb_text][\/et_pb_column][\/et_pb_row][et_pb_row column_structure=&#8221;1_3,1_3,1_3&#8243; use_custom_gutter=&#8221;on&#8221; gutter_width=&#8221;2&#8243; make_equal=&#8221;on&#8221; _builder_version=&#8221;4.20.4&#8243; _module_preset=&#8221;default&#8221; width=&#8221;100%&#8221; max_width=&#8221;1234px&#8221; module_alignment=&#8221;center&#8221; custom_margin=&#8221;0px|0px|0px|0px|true|true&#8221; custom_padding=&#8221;0px|0px|0px|0px|true|true&#8221; custom_css_main_element=&#8221;||&#8221; global_colors_info=&#8221;{}&#8221;][et_pb_column type=&#8221;1_3&#8243; _builder_version=&#8221;4.20.4&#8243; _module_preset=&#8221;default&#8221; background_color=&#8221;#F5F5F5&#8243; custom_padding=&#8221;50px|20px|50px|30px|true|false&#8221; global_colors_info=&#8221;{}&#8221; custom_css_main_element_last_edited=&#8221;on|tablet&#8221; custom_css_main_element_phone=&#8221;margin-bottom:10px!important;&#8221;][et_pb_text admin_label=&#8221;Titulo&#8221; _builder_version=&#8221;4.20.4&#8243; _module_preset=&#8221;default&#8221; text_font=&#8221;Open Sans|700|||||||&#8221; text_text_color=&#8221;#000000&#8243; custom_margin=&#8221;||10px||false|false&#8221; custom_padding=&#8221;||10px||false|false&#8221; custom_css_after=&#8221;content:&#8221;;||width:70px;||height:3px;||background-color: #FEF200;||display: flex;||position:absolute;||bottom:0;||||&#8221; global_colors_info=&#8221;{}&#8221;]<\/p>\n<p>Award for &#8220;Best Residential Contemporary Architecture Studio &#8211; Eastern Spain&#8221;.  <\/p>\n<p>[\/et_pb_text][et_pb_text _builder_version=&#8221;4.20.4&#8243; _module_preset=&#8221;default&#8221; text_font=&#8221;Open Sans||||||||&#8221; text_text_color=&#8221;#000000&#8243; global_colors_info=&#8221;{}&#8221;]<\/p>\n<p>awarded by the British BUILD Magazine as part of its &#8220;2019 Architecture Awards&#8221; program (UK, 2019).<\/p>\n<p>[\/et_pb_text][\/et_pb_column][et_pb_column type=&#8221;1_3&#8243; admin_label=&#8221;Column&#8221; _builder_version=&#8221;4.20.4&#8243; _module_preset=&#8221;default&#8221; background_color=&#8221;#F5F5F5&#8243; custom_padding=&#8221;50px|20px|20px|50px|false|false&#8221; global_colors_info=&#8221;{}&#8221; custom_css_main_element_last_edited=&#8221;on|tablet&#8221; custom_css_main_element_phone=&#8221;margin-bottom:10px!important;&#8221;][et_pb_text admin_label=&#8221;Titulo&#8221; _builder_version=&#8221;4.20.4&#8243; _module_preset=&#8221;default&#8221; text_font=&#8221;Open Sans|700|||||||&#8221; text_text_color=&#8221;#000000&#8243; custom_margin=&#8221;||10px||false|false&#8221; custom_padding=&#8221;||10px||false|false&#8221; custom_css_after=&#8221;content:&#8221;;||width:70px;||height:3px;||background-color: #FEF200;||display: flex;||position:absolute;||bottom:0;||||&#8221; global_colors_info=&#8221;{}&#8221;]<\/p>\n<p>Work selected by the Official College of Architects of the Valencian Community (COACV).<\/p>\n<p>[\/et_pb_text][et_pb_text _builder_version=&#8221;4.20.4&#8243; _module_preset=&#8221;default&#8221; text_font=&#8221;Open Sans||||||||&#8221; text_text_color=&#8221;#000000&#8243; global_colors_info=&#8221;{}&#8221;]<\/p>\n<p>For the exhibition &#8220;ARq_CS&#8221; and included in the book &#8220;Recent Architecture in Castell\u00f3n 2010-2019&#8221; as one of the 100 best projects of the decade (Valencia, 2020).<\/p>\n<p>[\/et_pb_text][\/et_pb_column][et_pb_column type=&#8221;1_3&#8243; _builder_version=&#8221;4.20.4&#8243; _module_preset=&#8221;default&#8221; background_color=&#8221;#F5F5F5&#8243; custom_padding=&#8221;50px|20px|20px|50px|false|false&#8221; global_colors_info=&#8221;{}&#8221; custom_css_main_element_last_edited=&#8221;on|tablet&#8221; custom_css_main_element_phone=&#8221;margin-bottom:10px!important;&#8221;][et_pb_text admin_label=&#8221;Titulo&#8221; _builder_version=&#8221;4.20.4&#8243; _module_preset=&#8221;default&#8221; text_font=&#8221;Open Sans|700|||||||&#8221; text_text_color=&#8221;#000000&#8243; custom_margin=&#8221;||10px||false|false&#8221; custom_padding=&#8221;||10px||false|false&#8221; custom_css_after=&#8221;content:&#8221;;||width:70px;||height:3px;||background-color: #FEF200;||display: flex;||position:absolute;||bottom:0;||||&#8221; global_colors_info=&#8221;{}&#8221;]<\/p>\n<p>Award for &#8220;Best Architectural &amp; Interior Design Studio &#8211; Spain&#8221;.  <\/p>\n<p>[\/et_pb_text][et_pb_text _builder_version=&#8221;4.20.4&#8243; _module_preset=&#8221;default&#8221; text_font=&#8221;Open Sans||||||||&#8221; text_text_color=&#8221;#000000&#8243; global_colors_info=&#8221;{}&#8221;]<\/p>\n<p>Awarded by the British BUILD Magazine as part of its &#8220;2021 Architecture Awards&#8221; program (UK, 2021).<\/p>\n<p>[\/et_pb_text][\/et_pb_column][\/et_pb_row][\/et_pb_section][et_pb_section fb_built=&#8221;1&#8243; admin_label=&#8221;Secci\u00f3n&#8221; _builder_version=&#8221;4.20.4&#8243; _module_preset=&#8221;default&#8221; global_colors_info=&#8221;{}&#8221;][et_pb_row column_structure=&#8221;1_2,1_2&#8243; _builder_version=&#8221;4.20.4&#8243; _module_preset=&#8221;default&#8221; max_width=&#8221;1236px&#8221; custom_css_main_element=&#8221;display:flex;||align-items:center;&#8221; global_colors_info=&#8221;{}&#8221; custom_css_main_element_last_edited=&#8221;on|tablet&#8221; custom_css_main_element_tablet=&#8221;display:block;&#8221; custom_css_main_element_phone=&#8221;display:block;&#8221;][et_pb_column type=&#8221;1_2&#8243; _builder_version=&#8221;4.20.4&#8243; _module_preset=&#8221;default&#8221; custom_css_main_element=&#8221;display: flex;&#8221; global_colors_info=&#8221;{}&#8221; custom_css_main_element_last_edited=&#8221;on|tablet&#8221; custom_css_main_element_tablet=&#8221;display:block;&#8221; custom_css_main_element_phone=&#8221;display:block;&#8221;][et_pb_image src=&#8221;https:\/\/viceversa.com.es\/wp-content\/uploads\/2023\/09\/BUILD-magazine-2019-.jpg&#8221; title_text=&#8221;BUILD-magazine-2019-&#8221; align_tablet=&#8221;center&#8221; align_phone=&#8221;center&#8221; align_last_edited=&#8221;on|tablet&#8221; _builder_version=&#8221;4.20.4&#8243; _module_preset=&#8221;default&#8221; width=&#8221;100%&#8221; max_width=&#8221;60%&#8221; custom_margin=&#8221;||-7px|||&#8221; custom_padding_tablet=&#8221;||20px||false|false&#8221; custom_padding_phone=&#8221;||20px||false|false&#8221; custom_padding_last_edited=&#8221;on|tablet&#8221; global_colors_info=&#8221;{}&#8221;][\/et_pb_image][et_pb_image src=&#8221;https:\/\/viceversa.com.es\/wp-content\/uploads\/2023\/09\/BUILD-magazine-2021.jpg&#8221; title_text=&#8221;BUILD-magazine-2021&#8243; align_tablet=&#8221;center&#8221; align_phone=&#8221;center&#8221; align_last_edited=&#8221;on|tablet&#8221; _builder_version=&#8221;4.20.4&#8243; _module_preset=&#8221;default&#8221; max_width=&#8221;57%&#8221; global_colors_info=&#8221;{}&#8221;][\/et_pb_image][\/et_pb_column][et_pb_column type=&#8221;1_2&#8243; _builder_version=&#8221;4.20.4&#8243; _module_preset=&#8221;default&#8221; global_colors_info=&#8221;{}&#8221;][et_pb_text _builder_version=&#8221;4.20.4&#8243; _module_preset=&#8221;default&#8221; text_font=&#8221;Open Sans||||||||&#8221; global_colors_info=&#8221;{}&#8221;]<\/p>\n<p>Our style is your style.<br \/>\nFaced with any challenge or need, we will work with you to find the best tailor-made solution, in an honest, transparent, direct and absolutely personalized way: we offer you the best creative and\/or technical project, completely global, turnkey&#8230; without forgetting your budget.<br \/>\nOur public works projects, as well as our commercial premises, offices, clubs or homes stand out for their open, clean and modern distributions.<br \/>\nEnvironments, in short, that favor a better living and working experience.<br \/>\nA special attraction for the light and for the noble materials, worked with sophistication, turn our works into spaces that thrill.    <\/p>\n<p>[\/et_pb_text][\/et_pb_column][\/et_pb_row][\/et_pb_section]<\/p>\n","protected":false},"excerpt":{"rendered":"<p>We are VICEVERSA Arquitectura&amp;Dise\u00f1oAre you demanding and looking for the best service? We offer you excellence in any creative or technical work; from architecture, urban planning or landscaping projects, to judicial expert witness services, interior design or industrial design.Our team In addition to numerous external partnersArchitectIndustrial design engineerTechnical architectWe base our work on unconventional, avant-garde [&hellip;]<\/p>\n","protected":false},"author":3,"featured_media":0,"parent":0,"menu_order":2,"comment_status":"closed","ping_status":"closed","template":"","meta":{"_et_pb_use_builder":"on","_et_pb_old_content":"","_et_gb_content_width":"","footnotes":""},"class_list":["post-6679","page","type-page","status-publish","hentry"],"yoast_head":"<!-- This site is optimized with the Yoast SEO plugin v23.5 - https:\/\/yoast.com\/wordpress\/plugins\/seo\/ -->\n<title>The Studio &#8211; VICEVERSA Arquitectura &amp; Dise\u00f1o<\/title>\n<meta name=\"robots\" content=\"index, follow, max-snippet:-1, max-image-preview:large, max-video-preview:-1\" \/>\n<link rel=\"canonical\" href=\"https:\/\/viceversa.com.es\/en\/the-studio\/\" \/>\n<meta property=\"og:locale\" content=\"en_US\" \/>\n<meta property=\"og:type\" content=\"article\" \/>\n<meta property=\"og:title\" content=\"The Studio &#8211; VICEVERSA Arquitectura &amp; Dise\u00f1o\" \/>\n<meta property=\"og:description\" content=\"We are VICEVERSA Arquitectura&amp;Dise\u00f1oAre you demanding and looking for the best service? We offer you excellence in any creative or technical work; from architecture, urban planning or landscaping projects, to judicial expert witness services, interior design or industrial design.Our team In addition to numerous external partnersArchitectIndustrial design engineerTechnical architectWe base our work on unconventional, avant-garde [&hellip;]\" \/>\n<meta property=\"og:url\" content=\"https:\/\/viceversa.com.es\/en\/the-studio\/\" \/>\n<meta property=\"og:site_name\" content=\"VICEVERSA Arquitectura &amp; Dise\u00f1o\" \/>\n<meta property=\"article:publisher\" content=\"https:\/\/www.facebook.com\/viceversa.arquitectura\/\" \/>\n<meta property=\"article:modified_time\" content=\"2024-09-03T08:56:45+00:00\" \/>\n<meta property=\"og:image\" content=\"https:\/\/viceversa.com.es\/wp-content\/uploads\/2013\/12\/avatar_facebook_cuadrado_v1.jpg\" \/>\n\t<meta property=\"og:image:width\" content=\"425\" \/>\n\t<meta property=\"og:image:height\" content=\"425\" \/>\n\t<meta property=\"og:image:type\" content=\"image\/jpeg\" \/>\n<meta name=\"twitter:card\" content=\"summary_large_image\" \/>\n<meta name=\"twitter:label1\" content=\"Est. reading time\" \/>\n\t<meta name=\"twitter:data1\" content=\"12 minutes\" \/>\n<script type=\"application\/ld+json\" class=\"yoast-schema-graph\">{\"@context\":\"https:\/\/schema.org\",\"@graph\":[{\"@type\":\"WebPage\",\"@id\":\"https:\/\/viceversa.com.es\/en\/the-studio\/\",\"url\":\"https:\/\/viceversa.com.es\/en\/the-studio\/\",\"name\":\"The Studio &#8211; VICEVERSA Arquitectura &amp; Dise\u00f1o\",\"isPartOf\":{\"@id\":\"https:\/\/viceversa.com.es\/en\/es\/#website\"},\"datePublished\":\"2023-07-24T10:04:52+00:00\",\"dateModified\":\"2024-09-03T08:56:45+00:00\",\"breadcrumb\":{\"@id\":\"https:\/\/viceversa.com.es\/en\/the-studio\/#breadcrumb\"},\"inLanguage\":\"en-US\",\"potentialAction\":[{\"@type\":\"ReadAction\",\"target\":[\"https:\/\/viceversa.com.es\/en\/the-studio\/\"]}]},{\"@type\":\"BreadcrumbList\",\"@id\":\"https:\/\/viceversa.com.es\/en\/the-studio\/#breadcrumb\",\"itemListElement\":[{\"@type\":\"ListItem\",\"position\":1,\"name\":\"Home\",\"item\":\"https:\/\/viceversa.com.es\/en\/home\/\"},{\"@type\":\"ListItem\",\"position\":2,\"name\":\"The Studio\"}]},{\"@type\":\"WebSite\",\"@id\":\"https:\/\/viceversa.com.es\/en\/es\/#website\",\"url\":\"https:\/\/viceversa.com.es\/en\/es\/\",\"name\":\"VICEVERSA Arquitectura &amp; Dise\u00f1o\",\"description\":\"Architecture &amp; design studio\",\"publisher\":{\"@id\":\"https:\/\/viceversa.com.es\/en\/es\/#organization\"},\"potentialAction\":[{\"@type\":\"SearchAction\",\"target\":{\"@type\":\"EntryPoint\",\"urlTemplate\":\"https:\/\/viceversa.com.es\/en\/es\/?s={search_term_string}\"},\"query-input\":{\"@type\":\"PropertyValueSpecification\",\"valueRequired\":true,\"valueName\":\"search_term_string\"}}],\"inLanguage\":\"en-US\"},{\"@type\":\"Organization\",\"@id\":\"https:\/\/viceversa.com.es\/en\/es\/#organization\",\"name\":\"VICEVERSA Architecture&Design\",\"url\":\"https:\/\/viceversa.com.es\/en\/es\/\",\"logo\":{\"@type\":\"ImageObject\",\"inLanguage\":\"en-US\",\"@id\":\"https:\/\/viceversa.com.es\/en\/es\/#\/schema\/logo\/image\/\",\"url\":\"http:\/\/viceversa.com.es\/wp-content\/uploads\/2013\/12\/avatar_facebook_cuadrado_v1.jpg\",\"contentUrl\":\"http:\/\/viceversa.com.es\/wp-content\/uploads\/2013\/12\/avatar_facebook_cuadrado_v1.jpg\",\"width\":425,\"height\":425,\"caption\":\"VICEVERSA Architecture&Design\"},\"image\":{\"@id\":\"https:\/\/viceversa.com.es\/en\/es\/#\/schema\/logo\/image\/\"},\"sameAs\":[\"https:\/\/www.facebook.com\/viceversa.arquitectura\/\",\"https:\/\/www.instagram.com\/vtesalvador\",\"https:\/\/www.linkedin.com\/in\/vicentesalvador\/\",\"https:\/\/www.pinterest.es\/vicentesalvador\/\"]}]}<\/script>\n<!-- \/ Yoast SEO plugin. -->","yoast_head_json":{"title":"The Studio &#8211; VICEVERSA Arquitectura &amp; Dise\u00f1o","robots":{"index":"index","follow":"follow","max-snippet":"max-snippet:-1","max-image-preview":"max-image-preview:large","max-video-preview":"max-video-preview:-1"},"canonical":"https:\/\/viceversa.com.es\/en\/the-studio\/","og_locale":"en_US","og_type":"article","og_title":"The Studio &#8211; VICEVERSA Arquitectura &amp; Dise\u00f1o","og_description":"We are VICEVERSA Arquitectura&amp;Dise\u00f1oAre you demanding and looking for the best service? We offer you excellence in any creative or technical work; from architecture, urban planning or landscaping projects, to judicial expert witness services, interior design or industrial design.Our team In addition to numerous external partnersArchitectIndustrial design engineerTechnical architectWe base our work on unconventional, avant-garde [&hellip;]","og_url":"https:\/\/viceversa.com.es\/en\/the-studio\/","og_site_name":"VICEVERSA Arquitectura &amp; Dise\u00f1o","article_publisher":"https:\/\/www.facebook.com\/viceversa.arquitectura\/","article_modified_time":"2024-09-03T08:56:45+00:00","og_image":[{"width":425,"height":425,"url":"https:\/\/viceversa.com.es\/wp-content\/uploads\/2013\/12\/avatar_facebook_cuadrado_v1.jpg","type":"image\/jpeg"}],"twitter_card":"summary_large_image","twitter_misc":{"Est. reading time":"12 minutes"},"schema":{"@context":"https:\/\/schema.org","@graph":[{"@type":"WebPage","@id":"https:\/\/viceversa.com.es\/en\/the-studio\/","url":"https:\/\/viceversa.com.es\/en\/the-studio\/","name":"The Studio &#8211; VICEVERSA Arquitectura &amp; Dise\u00f1o","isPartOf":{"@id":"https:\/\/viceversa.com.es\/en\/es\/#website"},"datePublished":"2023-07-24T10:04:52+00:00","dateModified":"2024-09-03T08:56:45+00:00","breadcrumb":{"@id":"https:\/\/viceversa.com.es\/en\/the-studio\/#breadcrumb"},"inLanguage":"en-US","potentialAction":[{"@type":"ReadAction","target":["https:\/\/viceversa.com.es\/en\/the-studio\/"]}]},{"@type":"BreadcrumbList","@id":"https:\/\/viceversa.com.es\/en\/the-studio\/#breadcrumb","itemListElement":[{"@type":"ListItem","position":1,"name":"Home","item":"https:\/\/viceversa.com.es\/en\/home\/"},{"@type":"ListItem","position":2,"name":"The Studio"}]},{"@type":"WebSite","@id":"https:\/\/viceversa.com.es\/en\/es\/#website","url":"https:\/\/viceversa.com.es\/en\/es\/","name":"VICEVERSA Arquitectura &amp; Dise\u00f1o","description":"Architecture &amp; design studio","publisher":{"@id":"https:\/\/viceversa.com.es\/en\/es\/#organization"},"potentialAction":[{"@type":"SearchAction","target":{"@type":"EntryPoint","urlTemplate":"https:\/\/viceversa.com.es\/en\/es\/?s={search_term_string}"},"query-input":{"@type":"PropertyValueSpecification","valueRequired":true,"valueName":"search_term_string"}}],"inLanguage":"en-US"},{"@type":"Organization","@id":"https:\/\/viceversa.com.es\/en\/es\/#organization","name":"VICEVERSA Architecture&Design","url":"https:\/\/viceversa.com.es\/en\/es\/","logo":{"@type":"ImageObject","inLanguage":"en-US","@id":"https:\/\/viceversa.com.es\/en\/es\/#\/schema\/logo\/image\/","url":"http:\/\/viceversa.com.es\/wp-content\/uploads\/2013\/12\/avatar_facebook_cuadrado_v1.jpg","contentUrl":"http:\/\/viceversa.com.es\/wp-content\/uploads\/2013\/12\/avatar_facebook_cuadrado_v1.jpg","width":425,"height":425,"caption":"VICEVERSA Architecture&Design"},"image":{"@id":"https:\/\/viceversa.com.es\/en\/es\/#\/schema\/logo\/image\/"},"sameAs":["https:\/\/www.facebook.com\/viceversa.arquitectura\/","https:\/\/www.instagram.com\/vtesalvador","https:\/\/www.linkedin.com\/in\/vicentesalvador\/","https:\/\/www.pinterest.es\/vicentesalvador\/"]}]}},"_links":{"self":[{"href":"https:\/\/viceversa.com.es\/en\/wp-json\/wp\/v2\/pages\/6679"}],"collection":[{"href":"https:\/\/viceversa.com.es\/en\/wp-json\/wp\/v2\/pages"}],"about":[{"href":"https:\/\/viceversa.com.es\/en\/wp-json\/wp\/v2\/types\/page"}],"author":[{"embeddable":true,"href":"https:\/\/viceversa.com.es\/en\/wp-json\/wp\/v2\/users\/3"}],"replies":[{"embeddable":true,"href":"https:\/\/viceversa.com.es\/en\/wp-json\/wp\/v2\/comments?post=6679"}],"version-history":[{"count":4,"href":"https:\/\/viceversa.com.es\/en\/wp-json\/wp\/v2\/pages\/6679\/revisions"}],"predecessor-version":[{"id":6684,"href":"https:\/\/viceversa.com.es\/en\/wp-json\/wp\/v2\/pages\/6679\/revisions\/6684"}],"wp:attachment":[{"href":"https:\/\/viceversa.com.es\/en\/wp-json\/wp\/v2\/media?parent=6679"}],"curies":[{"name":"wp","href":"https:\/\/api.w.org\/{rel}","templated":true}]}}